{"id":4349,"date":"2023-06-20T20:28:15","date_gmt":"2023-06-20T18:28:15","guid":{"rendered":"https:\/\/www.internationale-bauausstellungen.de\/?page_id=4349"},"modified":"2023-06-20T20:50:12","modified_gmt":"2023-06-20T18:50:12","slug":"privacy-policy","status":"publish","type":"page","link":"https:\/\/www.internationale-bauausstellungen.de\/en\/privacy-policy\/","title":{"rendered":"Privacy Policy"},"content":{"rendered":"<div class=\"wpb-content-wrapper\"><p>[vc_row][vc_column width=&#8221;2\/3&#8243;][vc_custom_heading heading_semantic=&#8221;h1&#8243; text_size=&#8221;h1&#8243;]Privacy Policy[\/vc_custom_heading][vc_column_text uncode_shortcode_id=&#8221;123819&#8243;]<strong>Hinweise zum Datenschutz<\/strong><\/p>\n<p>Diese Datenschutzerkl\u00e4rung soll Sie als Nutzer dieser Website \u00fcber die Art, den Umfang und den Zweck der Erhebung und Verwendung personenbezogener Daten informieren.<\/p>\n<p>Personenbezogene Daten sind alle Informationen, die sich auf eine identifizierte oder identifizierbare nat\u00fcrliche Person beziehen. Als identifizierbar wird eine nat\u00fcrliche Person angesehen, die direkt oder indirekt \u2013 insbesondere mittels Zuordnung zu einer Kennung wie einem Namen, zu einer Kennnummer, zu Standortdaten oder zu einer Online-Kennung \u2013 identifiziert werden kann.<\/p>\n<p>Wir nehmen Ihren Datenschutz sehr ernst und behandeln Ihre personenbezogenen Daten vertraulich. Die Verarbeitung Ihrer personenbezogenen Daten erfolgt nach den geltenden Datenschutzbestimmungen, insbesondere der <span tabindex='0' class='glossary-item-container'>EU<span class='glossary-item-hidden-content'><span class='glossary-item-header'>EU<\/span> <span class='glossary-item-description'>Europ\u00e4ische Union<\/span><\/span><\/span>-Datenschutzgrundverordnung (<span tabindex='0' class='glossary-item-container'>DSGVO<span class='glossary-item-hidden-content'><span class='glossary-item-header'>DSGVO<\/span> <span class='glossary-item-description'>Datenschutzgrundverordnung<\/span><\/span><\/span>) und dem Bundesdatenschutzgesetz 2018 (<span tabindex='0' class='glossary-item-container'>BDSG<span class='glossary-item-hidden-content'><span class='glossary-item-header'>BDSG<\/span> <span class='glossary-item-description'>Bundesdatenschutzgesetz<\/span><\/span><\/span>). Da durch neue Technologien und die st\u00e4ndige Weiterentwicklung dieser Webseite \u00c4nderungen an dieser Datenschutzerkl\u00e4rung vorgenommen werden k\u00f6nnen, empfehlen wir Ihnen, sich die Datenschutzerkl\u00e4rung in regelm\u00e4\u00dfigen Abst\u00e4nden wieder durchzulesen.<\/p>\n<p><strong><br \/>\nKontaktdaten des Verantwortlichen<\/strong><\/p>\n<p>Bundesinstitut f\u00fcr Bau-, Stadt- und Raumforschung (BBSR)<br \/>\nim Bundesamt f\u00fcr Bauwesen und Raumordnung (<span tabindex='0' class='glossary-item-container'>BBR<span class='glossary-item-hidden-content'><span class='glossary-item-header'>BBR<\/span> <span class='glossary-item-description'>Bundesamt f\u00fcr Bauwesen und Raumordnung<\/span><\/span><\/span>)<br \/>\nReferat I 7 \u2013 Baukultur und St\u00e4dtebaulicher Denkmalschutz<br \/>\nDeichmanns Aue 31-37<br \/>\n53179 Bonn<br \/>\nDeutschland<\/p>\n<p><strong>Kontaktdaten der\/des Datenschutzbeauftragten des Verantwortlichen<\/strong><\/p>\n<p>Datenschutzbeauftragte\/r<br \/>\nBundesamt f\u00fcr Bauwesen und Raumordnung (BBR)<br \/>\nDeichmanns Aue 31\u201337<br \/>\n53179 Bonn<br \/>\nDeutschland<br \/>\nE-Mail: <a href=\"mailto:datenschutz@bbr.brund.de\">datenschutz@bbr.brund.de<\/a><\/p>\n<p><strong><br \/>\nBereitstellung der\u00a0Website\u00a0und Erstellung von\u00a0Server-Logfiles<\/strong><\/p>\n<p>Bei jedem Aufruf unserer Website wird Ihre\u00a0<span tabindex='0' class='glossary-item-container'>IP-Adresse<span class='glossary-item-hidden-content'><span class='glossary-item-header'>IP-Adresse<\/span> <span class='glossary-item-description'>Internetprotokoll-Adresse<\/span><\/span><\/span> im Webserver erfasst, solange Sie sich auf unseren Webseiten befinden. Dies erfolgt auf Grundlage von\u00a0Art.\u00a06\u00a0Abs.\u00a01 lit. e\u00a0DSGVO. Die vor\u00fcbergehende Speicherung der\u00a0IP-Adresse durch das System ist notwendig, um eine Auslieferung des Internetangebots an Ihren Rechner zu erm\u00f6glichen. Die Daten werden gel\u00f6scht, sobald sie f\u00fcr die Erreichung des Zweckes ihrer Erhebung nicht mehr erforderlich sind. Im Falle der Datenerfassung zur Bereitstellung des Internetangebots geschieht dies, wenn die jeweilige Sitzung beendet ist.<\/p>\n<p>Des Weiteren werden bei jedem Zugriff auf die Website Daten f\u00fcr statistische und Sicherungszwecke in einem Server-Logfile gespeichert. Dabei werden folgende Daten gespeichert:<\/p>\n<ul>\n<li>Informationen \u00fcber den Browsertyp und die verwendete Version<\/li>\n<li>Das Betriebssystem des Nutzers<\/li>\n<li>Die anonymisierte\u00a0IP-Adresse des Nutzers<\/li>\n<li>Datum und Uhrzeit des Zugriffs<\/li>\n<li>Name\u00a0bzw.\u00a0<span tabindex='0' class='glossary-item-container'>URL<span class='glossary-item-hidden-content'><span class='glossary-item-header'>URL<\/span> <span class='glossary-item-description'>einheitlicher Ressourcenzeiger \/ Web-Adresse<\/span><\/span><\/span>\u00a0der abgerufenen Datei<\/li>\n<li>\u00fcbertragene Datenmenge<\/li>\n<li>Meldung, ob der Zugriff erfolgreich war<\/li>\n<li>Websites, von denen Ihr System auf unsere Internetseite gelangt<\/li>\n<\/ul>\n<p>Eine Zuordnung dieser Daten zu einem Nutzer ist nicht m\u00f6glich. Eine Speicherung personenbezogener Daten findet daher nicht statt. Die Speicherung der Daten in Logfiles dient der Optimierung der\u00a0Website\u00a0und zu statistischen Auswertungen. Eine Auswertung der Daten zu Marketingzwecken findet in diesem Zusammenhang nicht statt. Die Server-Logfiles\u00a0werden f\u00fcr sieben Tage gespeichert und dann gel\u00f6scht.<\/p>\n<p><strong><br \/>\nVerwendung von\u00a0Cookies<\/strong><\/p>\n<p>Diese Website verwendet Cookies. Dabei handelt es sich um kleine Textdateien, die auf Ihrem Endger\u00e4t gespeichert werden. Die Rechtsgrundlage f\u00fcr die Verarbeitung Ihrer personenbezogenen Daten unter Verwendung von\u00a0Cookies\u00a0ist\u00a0Art.\u00a06 lit. e in Verbindung mit \u00a7 3\u00a0BDSG.<\/p>\n<p>Folgende Arten von Cookies werden auf unserer Website gesetzt:<\/p>\n<ul>\n<li>Technisch notwendige Cookies<\/li>\n<li>Session-Cookies<\/li>\n<\/ul>\n<p>Beim Aufruf einzelner Seiten werden sogenannte tempor\u00e4re\u00a0Session Cookies\u00a0verwendet, um die Navigation zu erleichtern. Diese\u00a0Session\u00a0Cookies\u00a0beinhalten keine personenbezogenen Daten und verfallen nach Ablauf der Sitzung.<\/p>\n<p>Der Zweck der Verwendung technisch notwendiger\u00a0Cookies\u00a0ist es, die Nutzung von Webseiten f\u00fcr Sie zu vereinfachen. F\u00fcr einige Funktionen dieser Website ist es erforderlich, dass der\u00a0Browser\u00a0auch nach einem Seitenwechsel wiedererkannt wird. Die durch technisch notwendige\u00a0Cookies\u00a0erhobenen Nutzerdaten werden nicht zur Erstellung von Nutzerprofilen verwendet.<\/p>\n<p>Durch eine \u00c4nderung der Einstellungen in Ihrem Internetbrowser k\u00f6nnen Sie die \u00dcbertragung von\u00a0Cookies\u00a0deaktivieren oder einschr\u00e4nken. Bereits gespeicherte\u00a0Cookies\u00a0k\u00f6nnen jederzeit gel\u00f6scht werden. Dies kann auch automatisiert erfolgen. Werden\u00a0Cookies\u00a0f\u00fcr unsere\u00a0Website\u00a0deaktiviert, k\u00f6nnen m\u00f6glicherweise nicht mehr alle Funktionen der\u00a0Website\u00a0vollumf\u00e4nglich genutzt werden. Diese Website funktioniert auch mit abgeschalteten Cookies uneingeschr\u00e4nkt.<\/p>\n<p>Informationen zur Verwaltung Ihrer Cookie-Einstellung erhalten Sie <a href=\"https:\/\/www.bbsr.bund.de\/BBSR\/DE\/service\/datenschutz\/info-cookies.html?nn=2536752\">hier<\/a>.<\/p>\n<p><strong><br \/>\nVerwendung des Webanalyse-Dienstes Plausible Analytics<\/strong><\/p>\n<p>Diese Website nutzt zur Besucherstatistik den datenschutzfreundlichen Webanalyse-Dienst Plausible Analytics. Anbieter ist Plausible Insights O\u00dc, Tartu, Estland (EU). Die Webanalyse basiert rein auf anonymisierten Daten und nutzt keine Cookies. Ein R\u00fcckschluss auf Personen ist nicht m\u00f6glich. Beim Besuch unserer Website werden folgende Daten bei Plausible Analytics gespeichert: URL der aufgerufenen Seite oder Datei, URL der Seite \u00fcber die Sie auf unsere Seite gekommen sind (Referrer), URL eines ausgehenden Links, den Sie auf unserer Seite geklickt haben (Outbound Link), Browsertyp und -version, Betriebssystem Ihres Ger\u00e4tes und der Ger\u00e4tetyp. Informationen zu Ihrem Standort (Land, Region und Stadt) werden n\u00e4herungsweise aus Ihrer IP-Adresse ermittelt; die IP-Adresse selbst wird nicht gespeichert. Die Einbindung von Plausible Analytics erfolgt aufgrund unseres Interesses an einer statistischen Betrachtung der Nutzung unserer Website. Dies stellt ein berechtigtes Interesse im Sinne von Art. 6 Abs. 1 lit. f DSGVO dar. Weitere Informationen zum Umgang mit Nutzerdaten finden Sie in der Datenschutzerkl\u00e4rung von Plausible Analytics: <a href=\"https:\/\/plausible.io\/privacy\" target=\"_blank\" rel=\"noopener\">plausible.io\/privacy<\/a> und <a href=\"https:\/\/plausible.io\/data-policy\" target=\"_blank\" rel=\"noopener\">plausible.io\/data-policy<\/a>.<\/p>\n<p><strong><br \/>\nDatenverarbeitung bei Kontaktaufnahme <\/strong><\/p>\n<p>Die Verarbeitung Ihrer personenbezogenen Daten h\u00e4ngt davon ab, wie Sie mit uns Kontakt aufgenommen haben: Aktuell sind folgende Wege m\u00f6glich: E-Mail, Telefon, Brief.<\/p>\n<p>E-Mail:<br \/>\nDie Kontaktaufnahme zu uns ist \u00fcber bereitgestellte E-Mailadressen m\u00f6glich. Dies sind sowohl personengebundene\u00a0E-Mail-Adressen als auch Sammelpostf\u00e4cher, auf die mehrere Personen Zugriff haben. Wenn Sie mit uns \u00fcber\u00a0E-Mail\u00a0Kontakt aufnehmen, werden Ihre mit der\u00a0E-Mail\u00a0\u00fcbermittelten personenbezogenen Daten gespeichert (z. B.\u00a0E-Mail-Adresse, Name, Inhalt Ihrer Anfrage).<\/p>\n<p>Telefon:<br \/>\nWenn Sie telefonisch mit uns in Kontakt treten, werden soweit das f\u00fcr die Bearbeitung Ihres Anliegens notwendig ist, personenbezogenen Daten von Ihnen abgefragt und verarbeitet (z. B.\u00a0Name, Rufnummer, Ihr Anliegen). Dar\u00fcber hinaus wird Ihre Rufnummer automatisch in unseren Telekommunikationssystemen gespeichert, sofern Sie diese nicht unterdr\u00fcckt haben.<\/p>\n<p>Brief:<br \/>\nSofern Sie mit uns auf dem Postweg Kontakt aufnehmen, werden die von Ihnen im Brief \u00fcbermittelten personenbezogenen Daten (z. B.\u00a0Name, Vorname, Anschrift und Inhalt Ihrer Anfrage) bei uns verarbeitet und gespeichert.<\/p>\n<p>F\u00fcr alle Anfragewege gilt:<br \/>\nF\u00fcr die Beantwortung Ihres Anliegens kann es notwendig sein, Ihre Anfrage und Ihre Daten an Dritte weiterzugeben. Diese Weiterleitung geschieht auf Grundlage von\u00a0Art.\u00a06\u00a0<span tabindex='0' class='glossary-item-container'>Abs.<span class='glossary-item-hidden-content'><span class='glossary-item-header'>Abs.<\/span> <span class='glossary-item-description'>Absatz<\/span><\/span><\/span>1 lit. e\u00a0DSGVO\u00a0in Verbindung mit \u00a7 25\u00a0BDSG\u00a0zum Zwecke der Beantwortung Ihrer Anfrage.<\/p>\n<p>Bei Kontaktaufnahme \u00fcber s\u00e4mtliche Anfragewege ist die Rechtsgrundlage der Verarbeitung Ihrer personenbezogenen Daten\u00a0Art.\u00a06\u00a0Abs.\u00a01 lit. e\u00a0DSGVO\u00a0in Verbindung mit \u00a7 3\u00a0BDSG.<\/p>\n<p>Sofern Sie ausdr\u00fccklich der Verarbeitung Ihrer Daten zugestimmt haben, ist die Rechtsgrundlage au\u00dferdem\u00a0Art.\u00a06\u00a0Abs.\u00a01 lit. a\u00a0DSGVO.<\/p>\n<p>Die Verarbeitung Ihrer personenbezogenen Daten ist zum Zweck der Bearbeitung Ihrer Anfrage erforderlich.<\/p>\n<p>Wir speichern Ihre Daten mindestens so lange, bis Ihre Anfrage beantwortet und Ihr Anliegen abschlie\u00dfend erledigt ist.<\/p>\n<p>Sofern wir Ihre Anfrage schriftlich beantworten, richtet sich die Speicherdauer nach den geltenden Fristen f\u00fcr die Aufbewahrung von Schriftgut gem\u00e4\u00df der Registraturrichtlinie, die die Gemeinsame Gesch\u00e4ftsordnung (GGO) der Bundesministerien erg\u00e4nzt.<\/p>\n<p>Sie haben jederzeit die M\u00f6glichkeit, Ihre Einwilligung zur Verarbeitung Ihrer personenbezogenen Daten zu widerrufen. Sie sollten sich aber im Klaren dar\u00fcber sein, dass wir in einem solchen Fall Ihr Anliegen m\u00f6glicherweise nicht bearbeiten k\u00f6nnen.<\/p>\n<p>Um Ihre Einwilligung zur Speicherung Ihrer Daten zu widerrufen, nehmen Sie bitte mit uns Kontakt auf: <a href=\"mailto:internationale-bauausstellungen@bbr.bund.de\">internationale-bauausstellungen@bbr.bund.de<\/a>.<\/p>\n<p>Alle personenbezogenen Daten, die im Zuge der Kontaktaufnahme gespeichert wurden, werden in diesem Fall gel\u00f6scht. Bitte geben Sie den origin\u00e4ren Grund Ihrer Daten\u00fcbermittlung an, damit bei uns eine eindeutige Zuordnung stattfinden und eine zeitnahe L\u00f6schung erfolgen kann.<\/p>\n<p>Soweit die Verarbeitung Ihrer personenbezogenen Daten auf Grundlage Ihrer Einwilligung (Artikel 6\u00a0Abs.\u00a01 lit. a\u00a0DSGVO) erfolgt, k\u00f6nnen Sie diese jederzeit widerrufen. Die Rechtm\u00e4\u00dfigkeit der Verarbeitung aufgrund Ihrer Einwilligung bleibt f\u00fcr die Zeit bis zum Eingang Ihres Widerrufs jedoch unber\u00fchrt.<\/p>\n<p><strong><br \/>\nIhre Rechte<\/strong><\/p>\n<p>Hinsichtlich der Sie betreffenden erhobenen und verarbeiteten personenbezogenen Daten haben Sie folgende Rechte:<\/p>\n<ul>\n<li>Recht auf Auskunft,\u00a0Art.\u00a015\u00a0DSGVO<\/li>\n<li>Recht auf Berichtigung,\u00a0Art.\u00a016\u00a0DSGVO<\/li>\n<li>Recht auf Berichtigung und L\u00f6schung,\u00a0Art.\u00a017\u00a0DSGVO<\/li>\n<li>Recht auf Einschr\u00e4nkung der Verarbeitung,\u00a0Art.\u00a018\u00a0DSGVO<\/li>\n<li>Recht auf Widerspruch gegen die Erhebung, Verarbeitung und\/oder Nutzung,\u00a0Art.\u00a021\u00a0DSGVO<\/li>\n<li>Recht auf Daten\u00fcbertragbarkeit,\u00a0Art.\u00a020\u00a0DSGVO<\/li>\n<\/ul>\n<p>Soweit die Verarbeitung der personenbezogenen Daten auf Grundlage Ihrer Einwilligung (Artikel 6\u00a0Abs.\u00a01 lit a\u00a0DSGVO) erfolgt, k\u00f6nnen Sie diese jederzeit f\u00fcr den entsprechenden Zweck widerrufen. Die Rechtm\u00e4\u00dfigkeit der Verarbeitung aufgrund Ihrer get\u00e4tigten Einwilligung bleibt bis zum Eingang Ihres Widerrufs unber\u00fchrt.<\/p>\n<p>Die vorgenannten Rechte k\u00f6nnen Sie geltend machen, indem Sie <a href=\"https:\/\/www.internationale-bauausstellungen.de\/kontakt\/\">Kontakt mit uns aufnehmen<\/a>. Ihnen steht zudem gem\u00e4\u00df\u00a0Art.\u00a077\u00a0DSGVO\u00a0ein Beschwerderecht bei der datenschutzrechtlichen Aufsichtsbeh\u00f6rde zu,\u00a0z.B.\u00a0der\u00a0<a href=\"http:\/\/www.bfdi.bund.de\/\">Bundesbeauftragten f\u00fcr den Datenschutz und die Informationsfreiheit (BfDI)<\/a>.<\/p>\n<p>Sie k\u00f6nnen sich mit Fragen und Beschwerden auch an die\u00a0<a href=\"https:\/\/www.bbsr.bund.de\/BBSR\/DE\/service\/datenschutz\/datenschutz.html?nn=2536752#1\">Datenschutzbeauftragten des\u00a0BBR<\/a>\u00a0wenden.[\/vc_column_text][\/vc_column][vc_column width=&#8221;1\/3&#8243;][\/vc_column][\/vc_row]<\/p>\n<\/div>","protected":false},"excerpt":{"rendered":"<p>[vc_row][vc_column width=&#8221;2\/3&#8243;][vc_custom_heading heading_semantic=&#8221;h1&#8243; text_size=&#8221;h1&#8243;]Privacy Policy[\/vc_custom_heading][vc_column_text uncode_shortcode_id=&#8221;123819&#8243;]Hinweise zum Datenschutz Diese Datenschutzerkl\u00e4rung soll Sie als Nutzer dieser Website \u00fcber die Art, den [&hellip;]<\/p>\n","protected":false},"author":11,"featured_media":0,"parent":0,"menu_order":31,"comment_status":"closed","ping_status":"closed","template":"","meta":{"_acf_changed":false,"footnotes":""},"categories":[],"tags":[],"class_list":["post-4349","page","type-page","status-publish","hentry"],"acf":[],"yoast_head":"<!-- This site is optimized with the Yoast SEO plugin v26.8 - https:\/\/yoast.com\/product\/yoast-seo-wordpress\/ -->\n<title>Privacy Policy | IBA<\/title>\n<meta name=\"robots\" content=\"index, follow, max-snippet:-1, max-image-preview:large, max-video-preview:-1\" \/>\n<link rel=\"canonical\" href=\"https:\/\/www.internationale-bauausstellungen.de\/en\/privacy-policy\/\" \/>\n<meta property=\"og:locale\" content=\"en_US\" \/>\n<meta property=\"og:type\" content=\"article\" \/>\n<meta property=\"og:title\" content=\"Privacy Policy | IBA\" \/>\n<meta property=\"og:description\" content=\"[vc_row][vc_column width=&#8221;2\/3&#8243;][vc_custom_heading heading_semantic=&#8221;h1&#8243; text_size=&#8221;h1&#8243;]Privacy Policy[\/vc_custom_heading][vc_column_text uncode_shortcode_id=&#8221;123819&#8243;]Hinweise zum Datenschutz Diese Datenschutzerkl\u00e4rung soll Sie als Nutzer dieser Website \u00fcber die Art, den [&hellip;]\" \/>\n<meta property=\"og:url\" content=\"https:\/\/www.internationale-bauausstellungen.de\/en\/privacy-policy\/\" \/>\n<meta property=\"og:site_name\" content=\"IBA\" \/>\n<meta property=\"article:modified_time\" content=\"2023-06-20T18:50:12+00:00\" \/>\n<meta name=\"twitter:card\" content=\"summary_large_image\" \/>\n<meta name=\"twitter:label1\" content=\"Est. reading time\" \/>\n\t<meta name=\"twitter:data1\" content=\"8 minutes\" \/>\n<script type=\"application\/ld+json\" class=\"yoast-schema-graph\">{\"@context\":\"https:\/\/schema.org\",\"@graph\":[{\"@type\":\"WebPage\",\"@id\":\"https:\/\/www.internationale-bauausstellungen.de\/en\/privacy-policy\/\",\"url\":\"https:\/\/www.internationale-bauausstellungen.de\/en\/privacy-policy\/\",\"name\":\"Privacy Policy | IBA\",\"isPartOf\":{\"@id\":\"https:\/\/www.internationale-bauausstellungen.de\/en\/#website\"},\"datePublished\":\"2023-06-20T18:28:15+00:00\",\"dateModified\":\"2023-06-20T18:50:12+00:00\",\"breadcrumb\":{\"@id\":\"https:\/\/www.internationale-bauausstellungen.de\/en\/privacy-policy\/#breadcrumb\"},\"inLanguage\":\"en-US\",\"potentialAction\":[{\"@type\":\"ReadAction\",\"target\":[\"https:\/\/www.internationale-bauausstellungen.de\/en\/privacy-policy\/\"]}]},{\"@type\":\"BreadcrumbList\",\"@id\":\"https:\/\/www.internationale-bauausstellungen.de\/en\/privacy-policy\/#breadcrumb\",\"itemListElement\":[{\"@type\":\"ListItem\",\"position\":1,\"name\":\"Startseite\",\"item\":\"https:\/\/www.internationale-bauausstellungen.de\/en\/\"},{\"@type\":\"ListItem\",\"position\":2,\"name\":\"Privacy Policy\"}]},{\"@type\":\"WebSite\",\"@id\":\"https:\/\/www.internationale-bauausstellungen.de\/en\/#website\",\"url\":\"https:\/\/www.internationale-bauausstellungen.de\/en\/\",\"name\":\"IBA\",\"description\":\"Internationale Bauausstellungen\",\"potentialAction\":[{\"@type\":\"SearchAction\",\"target\":{\"@type\":\"EntryPoint\",\"urlTemplate\":\"https:\/\/www.internationale-bauausstellungen.de\/en\/?s={search_term_string}\"},\"query-input\":{\"@type\":\"PropertyValueSpecification\",\"valueRequired\":true,\"valueName\":\"search_term_string\"}}],\"inLanguage\":\"en-US\"}]}<\/script>\n<!-- \/ Yoast SEO plugin. -->","yoast_head_json":{"title":"Privacy Policy | IBA","robots":{"index":"index","follow":"follow","max-snippet":"max-snippet:-1","max-image-preview":"max-image-preview:large","max-video-preview":"max-video-preview:-1"},"canonical":"https:\/\/www.internationale-bauausstellungen.de\/en\/privacy-policy\/","og_locale":"en_US","og_type":"article","og_title":"Privacy Policy | IBA","og_description":"[vc_row][vc_column width=&#8221;2\/3&#8243;][vc_custom_heading heading_semantic=&#8221;h1&#8243; text_size=&#8221;h1&#8243;]Privacy Policy[\/vc_custom_heading][vc_column_text uncode_shortcode_id=&#8221;123819&#8243;]Hinweise zum Datenschutz Diese Datenschutzerkl\u00e4rung soll Sie als Nutzer dieser Website \u00fcber die Art, den [&hellip;]","og_url":"https:\/\/www.internationale-bauausstellungen.de\/en\/privacy-policy\/","og_site_name":"IBA","article_modified_time":"2023-06-20T18:50:12+00:00","twitter_card":"summary_large_image","twitter_misc":{"Est. reading time":"8 minutes"},"schema":{"@context":"https:\/\/schema.org","@graph":[{"@type":"WebPage","@id":"https:\/\/www.internationale-bauausstellungen.de\/en\/privacy-policy\/","url":"https:\/\/www.internationale-bauausstellungen.de\/en\/privacy-policy\/","name":"Privacy Policy | IBA","isPartOf":{"@id":"https:\/\/www.internationale-bauausstellungen.de\/en\/#website"},"datePublished":"2023-06-20T18:28:15+00:00","dateModified":"2023-06-20T18:50:12+00:00","breadcrumb":{"@id":"https:\/\/www.internationale-bauausstellungen.de\/en\/privacy-policy\/#breadcrumb"},"inLanguage":"en-US","potentialAction":[{"@type":"ReadAction","target":["https:\/\/www.internationale-bauausstellungen.de\/en\/privacy-policy\/"]}]},{"@type":"BreadcrumbList","@id":"https:\/\/www.internationale-bauausstellungen.de\/en\/privacy-policy\/#breadcrumb","itemListElement":[{"@type":"ListItem","position":1,"name":"Startseite","item":"https:\/\/www.internationale-bauausstellungen.de\/en\/"},{"@type":"ListItem","position":2,"name":"Privacy Policy"}]},{"@type":"WebSite","@id":"https:\/\/www.internationale-bauausstellungen.de\/en\/#website","url":"https:\/\/www.internationale-bauausstellungen.de\/en\/","name":"IBA","description":"Internationale Bauausstellungen","potentialAction":[{"@type":"SearchAction","target":{"@type":"EntryPoint","urlTemplate":"https:\/\/www.internationale-bauausstellungen.de\/en\/?s={search_term_string}"},"query-input":{"@type":"PropertyValueSpecification","valueRequired":true,"valueName":"search_term_string"}}],"inLanguage":"en-US"}]}},"_links":{"self":[{"href":"https:\/\/www.internationale-bauausstellungen.de\/en\/wp-json\/wp\/v2\/pages\/4349","targetHints":{"allow":["GET"]}}],"collection":[{"href":"https:\/\/www.internationale-bauausstellungen.de\/en\/wp-json\/wp\/v2\/pages"}],"about":[{"href":"https:\/\/www.internationale-bauausstellungen.de\/en\/wp-json\/wp\/v2\/types\/page"}],"author":[{"embeddable":true,"href":"https:\/\/www.internationale-bauausstellungen.de\/en\/wp-json\/wp\/v2\/users\/11"}],"replies":[{"embeddable":true,"href":"https:\/\/www.internationale-bauausstellungen.de\/en\/wp-json\/wp\/v2\/comments?post=4349"}],"version-history":[{"count":5,"href":"https:\/\/www.internationale-bauausstellungen.de\/en\/wp-json\/wp\/v2\/pages\/4349\/revisions"}],"predecessor-version":[{"id":4361,"href":"https:\/\/www.internationale-bauausstellungen.de\/en\/wp-json\/wp\/v2\/pages\/4349\/revisions\/4361"}],"wp:attachment":[{"href":"https:\/\/www.internationale-bauausstellungen.de\/en\/wp-json\/wp\/v2\/media?parent=4349"}],"wp:term":[{"taxonomy":"category","embeddable":true,"href":"https:\/\/www.internationale-bauausstellungen.de\/en\/wp-json\/wp\/v2\/categories?post=4349"},{"taxonomy":"post_tag","embeddable":true,"href":"https:\/\/www.internationale-bauausstellungen.de\/en\/wp-json\/wp\/v2\/tags?post=4349"}],"curies":[{"name":"wp","href":"https:\/\/api.w.org\/{rel}","templated":true}]}}